{"id":13708,"date":"2023-01-02T22:22:25","date_gmt":"2023-01-02T21:22:25","guid":{"rendered":"https:\/\/irv.abstractioncreative.com\/?post_type=villa&#038;p=13708"},"modified":"2026-04-29T16:37:47","modified_gmt":"2026-04-29T14:37:47","slug":"can-vinya","status":"publish","type":"villa","link":"https:\/\/ibizaruralvillas.com\/de\/dorfer\/san-jose-de\/can-vinya\/","title":{"rendered":"CAN VINYA"},"featured_media":7830,"template":"","meta":{"_acf_changed":false,"site-sidebar-layout":"default","site-content-layout":"default","ast-site-content-layout":"default","site-content-style":"default","site-sidebar-style":"default","ast-global-header-display":"","ast-banner-title-visibility":"","ast-main-header-display":"","ast-hfb-above-header-display":"","ast-hfb-below-header-display":"","ast-hfb-mobile-header-display":"","site-post-title":"","ast-breadcrumbs-content":"","ast-featured-img":"","footer-sml-layout":"","ast-disable-related-posts":"","theme-transparent-header-meta":"default","adv-header-id-meta":"","stick-header-meta":"","header-above-stick-meta":"","header-main-stick-meta":"","header-below-stick-meta":"","astra-migrate-meta-layouts":"set","ast-page-background-enabled":"default","ast-page-background-meta":{"desktop":{"background-color":"var(--ast-global-color-4)","background-image":"","background-repeat":"repeat","background-position":"center center","background-size":"auto","background-attachment":"scroll","background-type":"","background-media":"","overlay-type":"","overlay-color":"","overlay-opacity":"","overlay-gradient":""},"tablet":{"background-color":"","background-image":"","background-repeat":"repeat","background-position":"center center","background-size":"auto","background-attachment":"scroll","background-type":"","background-media":"","overlay-type":"","overlay-color":"","overlay-opacity":"","overlay-gradient":""},"mobile":{"background-color":"","background-image":"","background-repeat":"repeat","background-position":"center center","background-size":"auto","background-attachment":"scroll","background-type":"","background-media":"","overlay-type":"","overlay-color":"","overlay-opacity":"","overlay-gradient":""}},"ast-content-background-meta":{"desktop":{"background-color":"var(--ast-global-color-5)","background-image":"","background-repeat":"repeat","background-position":"center center","background-size":"auto","background-attachment":"scroll","background-type":"","background-media":"","overlay-type":"","overlay-color":"","overlay-opacity":"","overlay-gradient":""},"tablet":{"background-color":"var(--ast-global-color-5)","background-image":"","background-repeat":"repeat","background-position":"center center","background-size":"auto","background-attachment":"scroll","background-type":"","background-media":"","overlay-type":"","overlay-color":"","overlay-opacity":"","overlay-gradient":""},"mobile":{"background-color":"var(--ast-global-color-5)","background-image":"","background-repeat":"repeat","background-position":"center center","background-size":"auto","background-attachment":"scroll","background-type":"","background-media":"","overlay-type":"","overlay-color":"","overlay-opacity":"","overlay-gradient":""}},"_joinchat":[]},"location":[241],"alquiler":[],"class_list":["post-13708","villa","type-villa","status-publish","has-post-thumbnail","hentry","location-san-jose-de"],"acf":{"sub_title":"<p class=\"MsoNormal\"><span style=\"font-size: 10.0pt; line-height: 115%;\">ESFCTU0000070100005045170000000000000000000ET0384E3 Ref. Vinyeta<\/span><\/p>","gallery":[2739,2740,2741,2742,2743,2744,2745,2746,2747,2748,2749,2750,2751,2752,2753,2754,2755,2756,2757,2758,2759],"guests":6,"bedrooms":3,"bathrooms":2,"popular_amenities":["air_conditioning","calefaction","wifi","smart_tv","satellite_tv","stereo","fireplace"],"electrodomestics":["electric_coffee_maker","kettle","washing_machine","dishwasher","iron","hair_dryer","ironing_board","toaster","hob"],"interior":["bathtub","shower","linens","towels","pool_towels"],"exterior":["barbecue","garden_furniture","parking","swimming_pool","parasols","deckchairs"],"description":"<h5>Can Vinya ist ein traditionelles im Ibiza-Stil gebautes Haus mit viel Charme. Es wurde komplett restauriert, ist sehr gem\u00fctlich und hat eine sehr gute Lage, ganz in der N\u00e4he der sch\u00f6nsten Str\u00e4nde im S\u00fcdwesten der Insel: Cala Bassa, Cala Conta und Cala Tarida.\r\nEs verf\u00fcgt \u00fcber 3 Schlafzimmer, alle mit Doppelbetten und zwei B\u00e4der - eines mit Badewanne und das andere mit Hydromassage-Dusche. Au\u00dferdem gibt es ein ger\u00e4umiges Esszimmer und ein gro\u00dfes Wohnzimmer. Vom Esszimmer aus gelangt man in die voll ausgestattete K\u00fcche, die direkten Zugang zu einer Veranda mit Essbereich im Freien, dem Garten und dem Swimmingpool hat.<\/h5>\r\n<h5>Der gro\u00dfe Poolbereich ist von einer Rasenfl\u00e4che umgeben, die mit Sonnenliegen und Sonnenschirmen ausgestattet ist. Es gibt auch eine Waschk\u00fcche mit Waschmaschine. Es hat einen \u00fcberdachten Parkplatz f\u00fcr zwei Autos und ist komplett eingez\u00e4unt. Charmantes Haus. Mehrere Str\u00e4nde in der N\u00e4he, etwa 7-10 km entfernt.<\/h5>\r\n<h5>*Der Mindestaufenthalt is 5 N\u00e4chte. Bei Buchungen von weniger als einer Woche wird ein Aufpreis berechnet.<\/h5>\r\n<h5>** Die \u00d6kosteuer ist nicht im Preis inbegriffen; es fallen zus\u00e4tzliche Kosten in H\u00f6he von 2,20 \u20ac pro Person und Tag an.<\/h5>\r\n&nbsp;","nearby_places":[{"place":"Cala Bassa","distance":"5,4"},{"place":"Cala Tarida","distance":"5,2"},{"place":"Cala Moli","distance":"6,7"},{"place":"Cala Conta","distance":"7,4"},{"place":"San Augustin","distance":"0,5"},{"place":"San Jose","distance":"3,5"},{"place":"Aeropuerto","distance":"14,5"},{"place":"Ibiza","distance":"17,5"}],"conditions":{"minimum_stay":5,"check_in":"16:00h","check_out":"10:00h","cleaning":"Endreinigung ist im Preis inbegriffen.","deposit":"\u20ac700","extras":"Leistungen mit Aufpreis: Extra Reinigung, Wechsel der Bettw\u00e4sche \/ Handt\u00fccher \/ Poolhandt\u00fccher w\u00e4hrend der Woche."},"welcome_pack":"yes","booking_widget":"[wpbs id=\"41\" title=\"yes\" legend=\"yes\" legend_position=\"side\" display=\"2\" year=\"0\" month=\"0\" language=\"auto\" start=\"1\" dropdown=\"yes\" jump=\"no\" history=\"1\" tooltip=\"1\" highlighttoday=\"no\" weeknumbers=\"no\" show_prices=\"yes\" form_id=\"5\" form_position=\"bottom\" auto_pending=\"no\" selection_type=\"multiple\" selection_style=\"split\" minimum_days=\"5\" maximum_days=\"0\" booking_start_day=\"0\" booking_end_day=\"0\" show_date_selection=\"yes\"]","calendar_id":"","form_id":""},"featured_image_src":"https:\/\/ibizaruralvillas.com\/wp-content\/uploads\/2022\/11\/villa-ibiza-can-vinya-3-1024x709.jpg","villa_price":"","locations":[{"term_id":241,"name":"San Jos\u00e9","slug":"san-jose-de","term_group":0,"term_taxonomy_id":241,"taxonomy":"location","description":"","parent":799,"count":39,"filter":"raw"}],"has_booking_calendar":false,"_links":{"self":[{"href":"https:\/\/ibizaruralvillas.com\/de\/wp-json\/wp\/v2\/villa\/13708","targetHints":{"allow":["GET"]}}],"collection":[{"href":"https:\/\/ibizaruralvillas.com\/de\/wp-json\/wp\/v2\/villa"}],"about":[{"href":"https:\/\/ibizaruralvillas.com\/de\/wp-json\/wp\/v2\/types\/villa"}],"acf:attachment":[{"embeddable":true,"href":"https:\/\/ibizaruralvillas.com\/de\/wp-json\/wp\/v2\/media\/2759"},{"embeddable":true,"href":"https:\/\/ibizaruralvillas.com\/de\/wp-json\/wp\/v2\/media\/2758"},{"embeddable":true,"href":"https:\/\/ibizaruralvillas.com\/de\/wp-json\/wp\/v2\/media\/2757"},{"embeddable":true,"href":"https:\/\/ibizaruralvillas.com\/de\/wp-json\/wp\/v2\/media\/2756"},{"embeddable":true,"href":"https:\/\/ibizaruralvillas.com\/de\/wp-json\/wp\/v2\/media\/2755"},{"embeddable":true,"href":"https:\/\/ibizaruralvillas.com\/de\/wp-json\/wp\/v2\/media\/2754"},{"embeddable":true,"href":"https:\/\/ibizaruralvillas.com\/de\/wp-json\/wp\/v2\/media\/2753"},{"embeddable":true,"href":"https:\/\/ibizaruralvillas.com\/de\/wp-json\/wp\/v2\/media\/2752"},{"embeddable":true,"href":"https:\/\/ibizaruralvillas.com\/de\/wp-json\/wp\/v2\/media\/2751"},{"embeddable":true,"href":"https:\/\/ibizaruralvillas.com\/de\/wp-json\/wp\/v2\/media\/2750"},{"embeddable":true,"href":"https:\/\/ibizaruralvillas.com\/de\/wp-json\/wp\/v2\/media\/2749"},{"embeddable":true,"href":"https:\/\/ibizaruralvillas.com\/de\/wp-json\/wp\/v2\/media\/2748"},{"embeddable":true,"href":"https:\/\/ibizaruralvillas.com\/de\/wp-json\/wp\/v2\/media\/2747"},{"embeddable":true,"href":"https:\/\/ibizaruralvillas.com\/de\/wp-json\/wp\/v2\/media\/2746"},{"embeddable":true,"href":"https:\/\/ibizaruralvillas.com\/de\/wp-json\/wp\/v2\/media\/2745"},{"embeddable":true,"href":"https:\/\/ibizaruralvillas.com\/de\/wp-json\/wp\/v2\/media\/2744"},{"embeddable":true,"href":"https:\/\/ibizaruralvillas.com\/de\/wp-json\/wp\/v2\/media\/2743"},{"embeddable":true,"href":"https:\/\/ibizaruralvillas.com\/de\/wp-json\/wp\/v2\/media\/2742"},{"embeddable":true,"href":"https:\/\/ibizaruralvillas.com\/de\/wp-json\/wp\/v2\/media\/2741"},{"embeddable":true,"href":"https:\/\/ibizaruralvillas.com\/de\/wp-json\/wp\/v2\/media\/2740"},{"embeddable":true,"href":"https:\/\/ibizaruralvillas.com\/de\/wp-json\/wp\/v2\/media\/2739"}],"wp:featuredmedia":[{"embeddable":true,"href":"https:\/\/ibizaruralvillas.com\/de\/wp-json\/wp\/v2\/media\/7830"}],"wp:attachment":[{"href":"https:\/\/ibizaruralvillas.com\/de\/wp-json\/wp\/v2\/media?parent=13708"}],"wp:term":[{"taxonomy":"location","embeddable":true,"href":"https:\/\/ibizaruralvillas.com\/de\/wp-json\/wp\/v2\/location?post=13708"},{"taxonomy":"alquiler","embeddable":true,"href":"https:\/\/ibizaruralvillas.com\/de\/wp-json\/wp\/v2\/alquiler?post=13708"}],"curies":[{"name":"wp","href":"https:\/\/api.w.org\/{rel}","templated":true}]}}