{"id":13719,"date":"2023-01-02T22:37:25","date_gmt":"2023-01-02T21:37:25","guid":{"rendered":"https:\/\/irv.abstractioncreative.com\/?post_type=villa&#038;p=13719"},"modified":"2025-09-05T16:20:09","modified_gmt":"2025-09-05T14:20:09","slug":"can-parras","status":"publish","type":"villa","link":"https:\/\/ibizaruralvillas.com\/de\/miete\/can-parras\/","title":{"rendered":"CAN PARRAS"},"featured_media":22129,"template":"","meta":{"_acf_changed":false,"site-sidebar-layout":"default","site-content-layout":"default","ast-site-content-layout":"default","site-content-style":"default","site-sidebar-style":"default","ast-global-header-display":"","ast-banner-title-visibility":"","ast-main-header-display":"","ast-hfb-above-header-display":"","ast-hfb-below-header-display":"","ast-hfb-mobile-header-display":"","site-post-title":"","ast-breadcrumbs-content":"","ast-featured-img":"","footer-sml-layout":"","ast-disable-related-posts":"","theme-transparent-header-meta":"default","adv-header-id-meta":"","stick-header-meta":"","header-above-stick-meta":"","header-main-stick-meta":"","header-below-stick-meta":"","astra-migrate-meta-layouts":"set","ast-page-background-enabled":"default","ast-page-background-meta":{"desktop":{"background-color":"var(--ast-global-color-4)","background-image":"","background-repeat":"repeat","background-position":"center center","background-size":"auto","background-attachment":"scroll","background-type":"","background-media":"","overlay-type":"","overlay-color":"","overlay-opacity":"","overlay-gradient":""},"tablet":{"background-color":"","background-image":"","background-repeat":"repeat","background-position":"center center","background-size":"auto","background-attachment":"scroll","background-type":"","background-media":"","overlay-type":"","overlay-color":"","overlay-opacity":"","overlay-gradient":""},"mobile":{"background-color":"","background-image":"","background-repeat":"repeat","background-position":"center center","background-size":"auto","background-attachment":"scroll","background-type":"","background-media":"","overlay-type":"","overlay-color":"","overlay-opacity":"","overlay-gradient":""}},"ast-content-background-meta":{"desktop":{"background-color":"var(--ast-global-color-5)","background-image":"","background-repeat":"repeat","background-position":"center center","background-size":"auto","background-attachment":"scroll","background-type":"","background-media":"","overlay-type":"","overlay-color":"","overlay-opacity":"","overlay-gradient":""},"tablet":{"background-color":"var(--ast-global-color-5)","background-image":"","background-repeat":"repeat","background-position":"center center","background-size":"auto","background-attachment":"scroll","background-type":"","background-media":"","overlay-type":"","overlay-color":"","overlay-opacity":"","overlay-gradient":""},"mobile":{"background-color":"var(--ast-global-color-5)","background-image":"","background-repeat":"repeat","background-position":"center center","background-size":"auto","background-attachment":"scroll","background-type":"","background-media":"","overlay-type":"","overlay-color":"","overlay-opacity":"","overlay-gradient":""}},"_joinchat":[]},"location":[259,241],"alquiler":[],"class_list":["post-13719","villa","type-villa","status-publish","has-post-thumbnail","hentry","location-cala-vadella-de","location-san-jose-de"],"acf":{"sub_title":"<h6 class=\"subtituloficha\"><span style=\"font-size: 17.6px; font-style: normal;\">Ref. PARRAS\u00a0 ESFCTU000007010000531421000000000000000000ETV-1685-E2<\/span><\/h6>","gallery":[22127,22130,22133,22136,22139,22142,22145,22148,22151,22154,22157,22160,22163,22166,22169,22172,22175,22178,22181,22184,22187,22190,22193,22196,22199,22202,22205,22208,22211,22214,22217,22220,22223,22226,22229,22232,22235,22238,22241,22244,22247,22250,22253],"guests":7,"bedrooms":3,"bathrooms":3,"popular_amenities":["air_conditioning","alarm","security_box","calefaction","wifi","smart_tv","satellite_tv","stereo"],"electrodomestics":["electric_coffee_maker","kettle","washing_machine","dishwasher","iron","hair_dryer","dryer","ironing_board","toaster","hob"],"interior":["bathtub","shower","linens","towels","pool_towels"],"exterior":["barbecue","garden_furniture","parking","swimming_pool","parasols","deckchairs"],"description":"<h5><strong>Ein Ferienhaus<\/strong> in einer exklusiven Lage, nur 250 Meter vom Sandstrand von <strong>Cala Vadella<\/strong>, die ohne Zweifel ein gro\u00dfes Privileg ist. Es ist ein altes Bauernhaus mit 7000m2 Land, das im Jahr 2014 vollst\u00e4ndig restauriert wurde. Umgeben von einem riesigen Grundst\u00fcck und ohne andere H\u00e4user in der N\u00e4he, garantiert es absolute Privatsph\u00e4re. Auch der Zugang zum Haus \u00f6ffnet sich mit einem automatischen Tor, so dass niemand sonst eindringen kann.\r\nDas Haus bietet Platz f\u00fcr bis zu <strong>7 Personen<\/strong>. Es gibt ein Hauptschlafzimmer und daneben ein Badezimmer mit Badewanne. Neben diesem Zimmer befindet sich das Esszimmer, das mit einer Schiebet\u00fcr vom Schlafzimmer abgetrennt werden kann, um mehr Privatsph\u00e4re zu haben. Das Esszimmer ist unabh\u00e4ngig und liegt direkt neben der K\u00fcche. Auch hier gibt es eine Schiebet\u00fcr, die diese beiden R\u00e4ume voneinander trennt. Vom Esszimmer aus gelangt man in das Wohnzimmer, bequem und hell, mit einem gro\u00dfen Sofa und Sesseln, einem Kamin und einem gro\u00dfen Fernseher mit internationalen Kan\u00e4len. Das Wohnzimmer f\u00fchrt zum Poolbereich.<\/h5>\r\n<h5>Die K\u00fcche ist ger\u00e4umig, hell und gut ausgestattet. Es ist eine offene K\u00fcche mit einer langen Arbeitsplatte und allen Arten von K\u00fcchenger\u00e4ten. Von der K\u00fcche aus gelangt man \u00fcber einen Flur in das zweite Schlafzimmer mit einem Doppelbett und einem Bad mit Dusche. Neben der K\u00fcche befindet sich ein Waschraum, der mit einer Waschmaschine und einem W\u00e4schetrockner ausgestattet ist. Dieser Raum kann auch als Abstellraum genutzt werden. Am Ende des Flurs erreichen Sie das dritte Schlafzimmer mit eigenem Bad mit Dusche. Dieses Zimmer hat einen gro\u00dfen <strong>Tatami mit 3 Futonbetten<\/strong>, die getrennt oder verbunden werden k\u00f6nnen und hat einen direkten Ausgang zu einer Terrasse auf der R\u00fcckseite des Hauses.\r\n<strong>Der Pool<\/strong> befindet sich vor dem Haus, umgeben von einem hochwertigen Kunstrasen. Es gibt verschiedene Sonnenliegen, Tische und St\u00fchle, eine<strong> Chill-out-Bett<\/strong> und eine Au\u00dfendusche. <strong>Der Grill<\/strong> befindet sich unter einer \u00fcberdachten Veranda, die sehr ger\u00e4umig ist und \u00fcber einen Esstisch im Freien verf\u00fcgt. Das Haus ist mit allen Annehmlichkeiten und Qualit\u00e4tsm\u00f6beln ausgestattet. Es hat eine Alarmanlage, automatische Rolll\u00e4den, Wifi, Klimaanlage und Zentralheizung.\r\nAm Strand von Cala Vadella gibt es Superm\u00e4rkte, Bars und Restaurants, sowie einen Bus, der Sie zu den anderen Teilen der Insel bringt.<\/h5>","nearby_places":[{"place":"Cala Vadella","distance":"0,25"},{"place":"Cala Moli","distance":"4,5"},{"place":"Cala Tarida","distance":"6,5"},{"place":"Cala d\u00b4Hort","distance":"6,5"},{"place":"San Jose","distance":"9,5"},{"place":"San Antonio","distance":"13"}],"conditions":{"minimum_stay":5,"check_in":"16:00h","check_out":"10:00h","cleaning":"Die Endreinigung ist im Preis inbegriffen.","deposit":"\u20ac700","extras":"Leistungen mit Aufpreis: Extra Reinigung, Wechsel der Bettw\u00e4sche \/ Handt\u00fccher \/ Poolhandt\u00fccher w\u00e4hrend der Woche."},"welcome_pack":"yes","booking_widget":"[wpbs id=\"29\" title=\"yes\" legend=\"yes\" legend_position=\"side\" display=\"2\" year=\"0\" month=\"0\" language=\"auto\" start=\"1\" dropdown=\"yes\" jump=\"no\" history=\"1\" tooltip=\"1\" highlighttoday=\"no\" weeknumbers=\"no\" show_prices=\"yes\" form_id=\"28\" form_position=\"bottom\" auto_pending=\"yes\" selection_type=\"multiple\" selection_style=\"split\" minimum_days=\"0\" maximum_days=\"0\" booking_start_day=\"0\" booking_end_day=\"0\" show_date_selection=\"yes\"]","calendar_id":"","form_id":""},"featured_image_src":"https:\/\/ibizaruralvillas.com\/wp-content\/uploads\/2023\/01\/ibiza-villa-can-parras-1-1024x683.jpg","villa_price":"","locations":[{"term_id":259,"name":"Cala Vadella","slug":"cala-vadella-de","term_group":0,"term_taxonomy_id":259,"taxonomy":"location","description":"","parent":797,"count":6,"filter":"raw"},{"term_id":241,"name":"San Jos\u00e9","slug":"san-jose-de","term_group":0,"term_taxonomy_id":241,"taxonomy":"location","description":"","parent":799,"count":39,"filter":"raw"}],"has_booking_calendar":true,"_links":{"self":[{"href":"https:\/\/ibizaruralvillas.com\/de\/wp-json\/wp\/v2\/villa\/13719","targetHints":{"allow":["GET"]}}],"collection":[{"href":"https:\/\/ibizaruralvillas.com\/de\/wp-json\/wp\/v2\/villa"}],"about":[{"href":"https:\/\/ibizaruralvillas.com\/de\/wp-json\/wp\/v2\/types\/villa"}],"acf:attachment":[{"embeddable":true,"href":"https:\/\/ibizaruralvillas.com\/de\/wp-json\/wp\/v2\/media\/22253"},{"embeddable":true,"href":"https:\/\/ibizaruralvillas.com\/de\/wp-json\/wp\/v2\/media\/22250"},{"embeddable":true,"href":"https:\/\/ibizaruralvillas.com\/de\/wp-json\/wp\/v2\/media\/22247"},{"embeddable":true,"href":"https:\/\/ibizaruralvillas.com\/de\/wp-json\/wp\/v2\/media\/22244"},{"embeddable":true,"href":"https:\/\/ibizaruralvillas.com\/de\/wp-json\/wp\/v2\/media\/22241"},{"embeddable":true,"href":"https:\/\/ibizaruralvillas.com\/de\/wp-json\/wp\/v2\/media\/22238"},{"embeddable":true,"href":"https:\/\/ibizaruralvillas.com\/de\/wp-json\/wp\/v2\/media\/22235"},{"embeddable":true,"href":"https:\/\/ibizaruralvillas.com\/de\/wp-json\/wp\/v2\/media\/22232"},{"embeddable":true,"href":"https:\/\/ibizaruralvillas.com\/de\/wp-json\/wp\/v2\/media\/22229"},{"embeddable":true,"href":"https:\/\/ibizaruralvillas.com\/de\/wp-json\/wp\/v2\/media\/22226"},{"embeddable":true,"href":"https:\/\/ibizaruralvillas.com\/de\/wp-json\/wp\/v2\/media\/22223"},{"embeddable":true,"href":"https:\/\/ibizaruralvillas.com\/de\/wp-json\/wp\/v2\/media\/22220"},{"embeddable":true,"href":"https:\/\/ibizaruralvillas.com\/de\/wp-json\/wp\/v2\/media\/22217"},{"embeddable":true,"href":"https:\/\/ibizaruralvillas.com\/de\/wp-json\/wp\/v2\/media\/22214"},{"embeddable":true,"href":"https:\/\/ibizaruralvillas.com\/de\/wp-json\/wp\/v2\/media\/22211"},{"embeddable":true,"href":"https:\/\/ibizaruralvillas.com\/de\/wp-json\/wp\/v2\/media\/22208"},{"embeddable":true,"href":"https:\/\/ibizaruralvillas.com\/de\/wp-json\/wp\/v2\/media\/22205"},{"embeddable":true,"href":"https:\/\/ibizaruralvillas.com\/de\/wp-json\/wp\/v2\/media\/22202"},{"embeddable":true,"href":"https:\/\/ibizaruralvillas.com\/de\/wp-json\/wp\/v2\/media\/22199"},{"embeddable":true,"href":"https:\/\/ibizaruralvillas.com\/de\/wp-json\/wp\/v2\/media\/22196"},{"embeddable":true,"href":"https:\/\/ibizaruralvillas.com\/de\/wp-json\/wp\/v2\/media\/22193"},{"embeddable":true,"href":"https:\/\/ibizaruralvillas.com\/de\/wp-json\/wp\/v2\/media\/22190"},{"embeddable":true,"href":"https:\/\/ibizaruralvillas.com\/de\/wp-json\/wp\/v2\/media\/22187"},{"embeddable":true,"href":"https:\/\/ibizaruralvillas.com\/de\/wp-json\/wp\/v2\/media\/22184"},{"embeddable":true,"href":"https:\/\/ibizaruralvillas.com\/de\/wp-json\/wp\/v2\/media\/22181"},{"embeddable":true,"href":"https:\/\/ibizaruralvillas.com\/de\/wp-json\/wp\/v2\/media\/22178"},{"embeddable":true,"href":"https:\/\/ibizaruralvillas.com\/de\/wp-json\/wp\/v2\/media\/22175"},{"embeddable":true,"href":"https:\/\/ibizaruralvillas.com\/de\/wp-json\/wp\/v2\/media\/22172"},{"embeddable":true,"href":"https:\/\/ibizaruralvillas.com\/de\/wp-json\/wp\/v2\/media\/22169"},{"embeddable":true,"href":"https:\/\/ibizaruralvillas.com\/de\/wp-json\/wp\/v2\/media\/22166"},{"embeddable":true,"href":"https:\/\/ibizaruralvillas.com\/de\/wp-json\/wp\/v2\/media\/22163"},{"embeddable":true,"href":"https:\/\/ibizaruralvillas.com\/de\/wp-json\/wp\/v2\/media\/22160"},{"embeddable":true,"href":"https:\/\/ibizaruralvillas.com\/de\/wp-json\/wp\/v2\/media\/22157"},{"embeddable":true,"href":"https:\/\/ibizaruralvillas.com\/de\/wp-json\/wp\/v2\/media\/22154"},{"embeddable":true,"href":"https:\/\/ibizaruralvillas.com\/de\/wp-json\/wp\/v2\/media\/22151"},{"embeddable":true,"href":"https:\/\/ibizaruralvillas.com\/de\/wp-json\/wp\/v2\/media\/22148"},{"embeddable":true,"href":"https:\/\/ibizaruralvillas.com\/de\/wp-json\/wp\/v2\/media\/22145"},{"embeddable":true,"href":"https:\/\/ibizaruralvillas.com\/de\/wp-json\/wp\/v2\/media\/22142"},{"embeddable":true,"href":"https:\/\/ibizaruralvillas.com\/de\/wp-json\/wp\/v2\/media\/22139"},{"embeddable":true,"href":"https:\/\/ibizaruralvillas.com\/de\/wp-json\/wp\/v2\/media\/22136"},{"embeddable":true,"href":"https:\/\/ibizaruralvillas.com\/de\/wp-json\/wp\/v2\/media\/22133"},{"embeddable":true,"href":"https:\/\/ibizaruralvillas.com\/de\/wp-json\/wp\/v2\/media\/22130"},{"embeddable":true,"href":"https:\/\/ibizaruralvillas.com\/de\/wp-json\/wp\/v2\/media\/22127"}],"wp:featuredmedia":[{"embeddable":true,"href":"https:\/\/ibizaruralvillas.com\/de\/wp-json\/wp\/v2\/media\/22129"}],"wp:attachment":[{"href":"https:\/\/ibizaruralvillas.com\/de\/wp-json\/wp\/v2\/media?parent=13719"}],"wp:term":[{"taxonomy":"location","embeddable":true,"href":"https:\/\/ibizaruralvillas.com\/de\/wp-json\/wp\/v2\/location?post=13719"},{"taxonomy":"alquiler","embeddable":true,"href":"https:\/\/ibizaruralvillas.com\/de\/wp-json\/wp\/v2\/alquiler?post=13719"}],"curies":[{"name":"wp","href":"https:\/\/api.w.org\/{rel}","templated":true}]}}