{"id":13725,"date":"2023-01-02T22:43:02","date_gmt":"2023-01-02T21:43:02","guid":{"rendered":"https:\/\/irv.abstractioncreative.com\/?post_type=villa&#038;p=13725"},"modified":"2025-09-05T16:14:46","modified_gmt":"2025-09-05T14:14:46","slug":"can-cam","status":"publish","type":"villa","link":"https:\/\/ibizaruralvillas.com\/de\/miete\/can-cam\/","title":{"rendered":"CAN CAM"},"featured_media":22272,"template":"","meta":{"_acf_changed":false,"site-sidebar-layout":"default","site-content-layout":"default","ast-site-content-layout":"default","site-content-style":"default","site-sidebar-style":"default","ast-global-header-display":"","ast-banner-title-visibility":"","ast-main-header-display":"","ast-hfb-above-header-display":"","ast-hfb-below-header-display":"","ast-hfb-mobile-header-display":"","site-post-title":"","ast-breadcrumbs-content":"","ast-featured-img":"","footer-sml-layout":"","ast-disable-related-posts":"","theme-transparent-header-meta":"default","adv-header-id-meta":"","stick-header-meta":"","header-above-stick-meta":"","header-main-stick-meta":"","header-below-stick-meta":"","astra-migrate-meta-layouts":"set","ast-page-background-enabled":"default","ast-page-background-meta":{"desktop":{"background-color":"var(--ast-global-color-4)","background-image":"","background-repeat":"repeat","background-position":"center center","background-size":"auto","background-attachment":"scroll","background-type":"","background-media":"","overlay-type":"","overlay-color":"","overlay-opacity":"","overlay-gradient":""},"tablet":{"background-color":"","background-image":"","background-repeat":"repeat","background-position":"center center","background-size":"auto","background-attachment":"scroll","background-type":"","background-media":"","overlay-type":"","overlay-color":"","overlay-opacity":"","overlay-gradient":""},"mobile":{"background-color":"","background-image":"","background-repeat":"repeat","background-position":"center center","background-size":"auto","background-attachment":"scroll","background-type":"","background-media":"","overlay-type":"","overlay-color":"","overlay-opacity":"","overlay-gradient":""}},"ast-content-background-meta":{"desktop":{"background-color":"var(--ast-global-color-5)","background-image":"","background-repeat":"repeat","background-position":"center center","background-size":"auto","background-attachment":"scroll","background-type":"","background-media":"","overlay-type":"","overlay-color":"","overlay-opacity":"","overlay-gradient":""},"tablet":{"background-color":"var(--ast-global-color-5)","background-image":"","background-repeat":"repeat","background-position":"center center","background-size":"auto","background-attachment":"scroll","background-type":"","background-media":"","overlay-type":"","overlay-color":"","overlay-opacity":"","overlay-gradient":""},"mobile":{"background-color":"var(--ast-global-color-5)","background-image":"","background-repeat":"repeat","background-position":"center center","background-size":"auto","background-attachment":"scroll","background-type":"","background-media":"","overlay-type":"","overlay-color":"","overlay-opacity":"","overlay-gradient":""}},"_joinchat":[]},"location":[267,241],"alquiler":[],"class_list":["post-13725","villa","type-villa","status-publish","has-post-thumbnail","hentry","location-sa-caleta-de","location-san-jose-de"],"acf":{"sub_title":"<h6 class=\"subtituloficha\">Ref. CAM\u00a0 ESFCTU000007010000513687000000000000000000000ET0614E5<\/h6>\r\n&nbsp;","gallery":[22270,22273,22276,22267,22279,22282,22285,22288,22291,22294,22297,22300,22303,22306,22309,22312,22315,22318,22321,22324,22327,22330,22333,22336,22339,22342,22345,22348,22351,22354,22357,22360,22363,22366,22369,22372,22375,22378,22381,22384,22387,22390,22393,22396,22399,22402,22405,22408,22411,22414,22417,22420,22423,22426,22429,22432,22435,22438,22441,1905,1906,22444,22447,22450,22453],"guests":8,"bedrooms":4,"bathrooms":4,"popular_amenities":["air_conditioning","alarm","security_box","wifi","satellite_tv","stereo"],"electrodomestics":["electric_coffee_maker","kettle","washing_machine","dishwasher","iron","ironing_board","toaster","hob"],"interior":["bathtub","shower","linens","towels","pool_towels"],"exterior":["barbecue","garden_furniture","parking","swimming_pool","parasols","deckchairs"],"description":"<div id=\"description\" class=\"hide-xs\">\r\n<h5>Can Cam ist eine <strong>wunderbare Villa<\/strong>, die an einer\u00a0Steilk\u00fcste im Naturschutzgebiet von Ses Salines liegt und einen <strong>atemberaubenden Blick aufs Meer<\/strong> mit <strong>Formentera<\/strong> im Hintergrund bietet. Sie k\u00f6nnen eine entspannende und ruhige Atmosph\u00e4re genie\u00dfen, aber immer noch nur 15 Minuten Fahrt entfernt finden Sie einige der besten Restaurants auf der Insel, sowie Str\u00e4nde, Superm\u00e4rkte etc. In knapp\u00a0<strong>3 Minuten<\/strong>\u00a0zu Fuss erreicht man eine kleine Bucht,\u00a0<strong>Sa Caleta<\/strong>. In dieser Region befindet sich auch eine <strong>Ausgrabungsst\u00e4tte die auf die punische Zeit<\/strong> zur\u00fcckdatiert und zum Weltkulturerbe der <strong>UNESCO<\/strong> geh\u00f6rt. Der Strand von <strong>Cala Jondal<\/strong> ist 3 Minuten mit dem Auto entfernt.<\/h5>\r\n<h5>Die Villa hat die Kapazit\u00e4t, um <strong>8 Personen<\/strong> unterzubringen. Es hat<strong> 4 Schlafzimmer<\/strong>, <strong>4 B\u00e4der<\/strong>, eine voll ausgestattete K\u00fcche, ein gro\u00dfes Wohnzimmer mit <strong>Kamin<\/strong> und ein weiteres Wohnzimmer mit einer <strong>Bar<\/strong>. Es hat einen <strong>Grill<\/strong> und gro\u00dfe Terrassen mit viel Garten. Das <strong>Schwimmbad<\/strong> misst <strong>10 x 5 m<\/strong>, es gibt Sonnenliegen und Sonnenschirme.\r\n<strong>Aufteilung des Hauses:<\/strong> ein ger\u00e4umiges Schlafzimmer mit Doppelbett und eigenem Bad mit Meerblick und einem separaten Eingang. Vom zweiten Wohnzimmer aus haben Sie Zugang zu zwei weiteren Schlafzimmern, eines mit einem Doppelbett und eines mit zwei Einzelbetten. Das vierte Schlafzimmer hat ein Doppelbett und ebenfalls einen Deckenventilator. Alle Schlafzimmer sind <strong>klimatisiert<\/strong>.\r\nEs gibt insgesamt <strong>4 Badezimmer<\/strong>: ein Badezimmer en suite, ein Badezimmer mit Badewanne, das man vom zweiten Wohnzimmer aus erreichen kann und das sich zwei der Schlafzimmer teilen, ein drittes Badezimmer in einem Innenhof und ein viertes Badezimmer, beide mit Dusche. Die K\u00fcche ist hell und mit einem gro\u00dfen Herd, Backofen, K\u00fchlschrank mit Gefrierfach, Waschmaschine, Mikrowelle, Geschirrsp\u00fcler, Kaffeemaschine, Toaster usw. ausgestattet. Sie schlie\u00dft an ein ger\u00e4umiges Wohnzimmer mit Essbereich und an eine Veranda-Terrasse mit Gartenm\u00f6beln und Blick auf das Meer, den Pool und den Garten an.\r\nEs hat <strong>3 ger\u00e4umige Wohnzimmer<\/strong>: ein Wohn-Esszimmer f\u00fcr 8 Personen und Sofa, ein zweites Wohnzimmer mit gro\u00dfen Sofas und einem Kamin, SAT-TV und gro\u00dfen Fenstern mit Blick auf den Pool, den Garten und das Meer und ein drittes gro\u00dfes Wohnzimmer mit Bar, mit einem Zugang zu zwei der Schlafzimmer.\r\nEs gibt auch eine <strong>Waschk\u00fcche<\/strong> mit B\u00fcgelbrett, gro\u00dfem K\u00fchlschrank, Schr\u00e4nken, einem separaten Lagerraum und einem Erste-Hilfe-Kasten. Neben den 4 Schlafzimmern gibt es ein zus\u00e4tzliches Zimmer mit einem Schlafsofa und einem Fernseher, das zum Lesen oder f\u00fcr ein Nickerchen genutzt werden kann.\r\nDie Villa verf\u00fcgt \u00fcber mehrere Terrassen mit Gartenm\u00f6beln zum Verweilen im Schatten oder zum Sonnenbaden, mit Sofas, Sesseln, Tischen, Liegest\u00fchlen, Sonnenschirmen, Chill-out-Sofas, B\u00e4nken. Der Grillplatz hat einen <strong>\u00fcberdachten Essbereich<\/strong> und ein kleines Waschbecken.<\/h5>\r\n<\/div>","nearby_places":[{"place":" Playa Sa Caleta","distance":"0,25"},{"place":"Playa Cala Jondal","distance":"1,5"},{"place":"Es Torrent","distance":"5,5"},{"place":"San Jos\u00e9","distance":"9,5"},{"place":"San Jordi","distance":"9,7"},{"place":"Ibiza","distance":"11"}],"conditions":{"minimum_stay":5,"check_in":"16:00h","check_out":"10:00h","cleaning":"Die Endreinigung ist im Preis inbegriffen.","deposit":"\u20ac800","extras":"Leistungen mit Aufpreis: Extra Reinigung, Wechsel der Bettw\u00e4sche \/ Handt\u00fccher \/ Poolhandt\u00fccher w\u00e4hrend der Woche."},"welcome_pack":"yes","booking_widget":"[wpbs id=\"16\" title=\"yes\" legend=\"yes\" legend_position=\"side\" display=\"2\" year=\"0\" month=\"0\" language=\"auto\" start=\"1\" dropdown=\"yes\" jump=\"no\" history=\"1\" tooltip=\"1\" highlighttoday=\"no\" weeknumbers=\"no\" show_prices=\"yes\" form_id=\"23\" form_position=\"bottom\" auto_pending=\"yes\" selection_type=\"multiple\" selection_style=\"split\" minimum_days=\"5\" maximum_days=\"0\" booking_start_day=\"0\" booking_end_day=\"0\" show_date_selection=\"yes\"]","calendar_id":"","form_id":""},"featured_image_src":"https:\/\/ibizaruralvillas.com\/wp-content\/uploads\/2023\/01\/villa-ibiza-can-cam-2-1024x683.jpg","villa_price":"","locations":[{"term_id":267,"name":"Sa Caleta","slug":"sa-caleta-de","term_group":0,"term_taxonomy_id":267,"taxonomy":"location","description":"","parent":797,"count":1,"filter":"raw"},{"term_id":241,"name":"San Jos\u00e9","slug":"san-jose-de","term_group":0,"term_taxonomy_id":241,"taxonomy":"location","description":"","parent":799,"count":39,"filter":"raw"}],"has_booking_calendar":true,"_links":{"self":[{"href":"https:\/\/ibizaruralvillas.com\/de\/wp-json\/wp\/v2\/villa\/13725","targetHints":{"allow":["GET"]}}],"collection":[{"href":"https:\/\/ibizaruralvillas.com\/de\/wp-json\/wp\/v2\/villa"}],"about":[{"href":"https:\/\/ibizaruralvillas.com\/de\/wp-json\/wp\/v2\/types\/villa"}],"acf:attachment":[{"embeddable":true,"href":"https:\/\/ibizaruralvillas.com\/de\/wp-json\/wp\/v2\/media\/22453"},{"embeddable":true,"href":"https:\/\/ibizaruralvillas.com\/de\/wp-json\/wp\/v2\/media\/22450"},{"embeddable":true,"href":"https:\/\/ibizaruralvillas.com\/de\/wp-json\/wp\/v2\/media\/22447"},{"embeddable":true,"href":"https:\/\/ibizaruralvillas.com\/de\/wp-json\/wp\/v2\/media\/22444"},{"embeddable":true,"href":"https:\/\/ibizaruralvillas.com\/de\/wp-json\/wp\/v2\/media\/1906"},{"embeddable":true,"href":"https:\/\/ibizaruralvillas.com\/de\/wp-json\/wp\/v2\/media\/1905"},{"embeddable":true,"href":"https:\/\/ibizaruralvillas.com\/de\/wp-json\/wp\/v2\/media\/22441"},{"embeddable":true,"href":"https:\/\/ibizaruralvillas.com\/de\/wp-json\/wp\/v2\/media\/22438"},{"embeddable":true,"href":"https:\/\/ibizaruralvillas.com\/de\/wp-json\/wp\/v2\/media\/22435"},{"embeddable":true,"href":"https:\/\/ibizaruralvillas.com\/de\/wp-json\/wp\/v2\/media\/22432"},{"embeddable":true,"href":"https:\/\/ibizaruralvillas.com\/de\/wp-json\/wp\/v2\/media\/22429"},{"embeddable":true,"href":"https:\/\/ibizaruralvillas.com\/de\/wp-json\/wp\/v2\/media\/22426"},{"embeddable":true,"href":"https:\/\/ibizaruralvillas.com\/de\/wp-json\/wp\/v2\/media\/22423"},{"embeddable":true,"href":"https:\/\/ibizaruralvillas.com\/de\/wp-json\/wp\/v2\/media\/22420"},{"embeddable":true,"href":"https:\/\/ibizaruralvillas.com\/de\/wp-json\/wp\/v2\/media\/22417"},{"embeddable":true,"href":"https:\/\/ibizaruralvillas.com\/de\/wp-json\/wp\/v2\/media\/22414"},{"embeddable":true,"href":"https:\/\/ibizaruralvillas.com\/de\/wp-json\/wp\/v2\/media\/22411"},{"embeddable":true,"href":"https:\/\/ibizaruralvillas.com\/de\/wp-json\/wp\/v2\/media\/22408"},{"embeddable":true,"href":"https:\/\/ibizaruralvillas.com\/de\/wp-json\/wp\/v2\/media\/22405"},{"embeddable":true,"href":"https:\/\/ibizaruralvillas.com\/de\/wp-json\/wp\/v2\/media\/22402"},{"embeddable":true,"href":"https:\/\/ibizaruralvillas.com\/de\/wp-json\/wp\/v2\/media\/22399"},{"embeddable":true,"href":"https:\/\/ibizaruralvillas.com\/de\/wp-json\/wp\/v2\/media\/22396"},{"embeddable":true,"href":"https:\/\/ibizaruralvillas.com\/de\/wp-json\/wp\/v2\/media\/22393"},{"embeddable":true,"href":"https:\/\/ibizaruralvillas.com\/de\/wp-json\/wp\/v2\/media\/22390"},{"embeddable":true,"href":"https:\/\/ibizaruralvillas.com\/de\/wp-json\/wp\/v2\/media\/22387"},{"embeddable":true,"href":"https:\/\/ibizaruralvillas.com\/de\/wp-json\/wp\/v2\/media\/22384"},{"embeddable":true,"href":"https:\/\/ibizaruralvillas.com\/de\/wp-json\/wp\/v2\/media\/22381"},{"embeddable":true,"href":"https:\/\/ibizaruralvillas.com\/de\/wp-json\/wp\/v2\/media\/22378"},{"embeddable":true,"href":"https:\/\/ibizaruralvillas.com\/de\/wp-json\/wp\/v2\/media\/22375"},{"embeddable":true,"href":"https:\/\/ibizaruralvillas.com\/de\/wp-json\/wp\/v2\/media\/22372"},{"embeddable":true,"href":"https:\/\/ibizaruralvillas.com\/de\/wp-json\/wp\/v2\/media\/22369"},{"embeddable":true,"href":"https:\/\/ibizaruralvillas.com\/de\/wp-json\/wp\/v2\/media\/22366"},{"embeddable":true,"href":"https:\/\/ibizaruralvillas.com\/de\/wp-json\/wp\/v2\/media\/22363"},{"embeddable":true,"href":"https:\/\/ibizaruralvillas.com\/de\/wp-json\/wp\/v2\/media\/22360"},{"embeddable":true,"href":"https:\/\/ibizaruralvillas.com\/de\/wp-json\/wp\/v2\/media\/22357"},{"embeddable":true,"href":"https:\/\/ibizaruralvillas.com\/de\/wp-json\/wp\/v2\/media\/22354"},{"embeddable":true,"href":"https:\/\/ibizaruralvillas.com\/de\/wp-json\/wp\/v2\/media\/22351"},{"embeddable":true,"href":"https:\/\/ibizaruralvillas.com\/de\/wp-json\/wp\/v2\/media\/22348"},{"embeddable":true,"href":"https:\/\/ibizaruralvillas.com\/de\/wp-json\/wp\/v2\/media\/22345"},{"embeddable":true,"href":"https:\/\/ibizaruralvillas.com\/de\/wp-json\/wp\/v2\/media\/22342"},{"embeddable":true,"href":"https:\/\/ibizaruralvillas.com\/de\/wp-json\/wp\/v2\/media\/22339"},{"embeddable":true,"href":"https:\/\/ibizaruralvillas.com\/de\/wp-json\/wp\/v2\/media\/22336"},{"embeddable":true,"href":"https:\/\/ibizaruralvillas.com\/de\/wp-json\/wp\/v2\/media\/22333"},{"embeddable":true,"href":"https:\/\/ibizaruralvillas.com\/de\/wp-json\/wp\/v2\/media\/22330"},{"embeddable":true,"href":"https:\/\/ibizaruralvillas.com\/de\/wp-json\/wp\/v2\/media\/22327"},{"embeddable":true,"href":"https:\/\/ibizaruralvillas.com\/de\/wp-json\/wp\/v2\/media\/22324"},{"embeddable":true,"href":"https:\/\/ibizaruralvillas.com\/de\/wp-json\/wp\/v2\/media\/22321"},{"embeddable":true,"href":"https:\/\/ibizaruralvillas.com\/de\/wp-json\/wp\/v2\/media\/22318"},{"embeddable":true,"href":"https:\/\/ibizaruralvillas.com\/de\/wp-json\/wp\/v2\/media\/22315"},{"embeddable":true,"href":"https:\/\/ibizaruralvillas.com\/de\/wp-json\/wp\/v2\/media\/22312"},{"embeddable":true,"href":"https:\/\/ibizaruralvillas.com\/de\/wp-json\/wp\/v2\/media\/22309"},{"embeddable":true,"href":"https:\/\/ibizaruralvillas.com\/de\/wp-json\/wp\/v2\/media\/22306"},{"embeddable":true,"href":"https:\/\/ibizaruralvillas.com\/de\/wp-json\/wp\/v2\/media\/22303"},{"embeddable":true,"href":"https:\/\/ibizaruralvillas.com\/de\/wp-json\/wp\/v2\/media\/22300"},{"embeddable":true,"href":"https:\/\/ibizaruralvillas.com\/de\/wp-json\/wp\/v2\/media\/22297"},{"embeddable":true,"href":"https:\/\/ibizaruralvillas.com\/de\/wp-json\/wp\/v2\/media\/22294"},{"embeddable":true,"href":"https:\/\/ibizaruralvillas.com\/de\/wp-json\/wp\/v2\/media\/22291"},{"embeddable":true,"href":"https:\/\/ibizaruralvillas.com\/de\/wp-json\/wp\/v2\/media\/22288"},{"embeddable":true,"href":"https:\/\/ibizaruralvillas.com\/de\/wp-json\/wp\/v2\/media\/22285"},{"embeddable":true,"href":"https:\/\/ibizaruralvillas.com\/de\/wp-json\/wp\/v2\/media\/22282"},{"embeddable":true,"href":"https:\/\/ibizaruralvillas.com\/de\/wp-json\/wp\/v2\/media\/22279"},{"embeddable":true,"href":"https:\/\/ibizaruralvillas.com\/de\/wp-json\/wp\/v2\/media\/22267"},{"embeddable":true,"href":"https:\/\/ibizaruralvillas.com\/de\/wp-json\/wp\/v2\/media\/22276"},{"embeddable":true,"href":"https:\/\/ibizaruralvillas.com\/de\/wp-json\/wp\/v2\/media\/22273"},{"embeddable":true,"href":"https:\/\/ibizaruralvillas.com\/de\/wp-json\/wp\/v2\/media\/22270"}],"wp:featuredmedia":[{"embeddable":true,"href":"https:\/\/ibizaruralvillas.com\/de\/wp-json\/wp\/v2\/media\/22272"}],"wp:attachment":[{"href":"https:\/\/ibizaruralvillas.com\/de\/wp-json\/wp\/v2\/media?parent=13725"}],"wp:term":[{"taxonomy":"location","embeddable":true,"href":"https:\/\/ibizaruralvillas.com\/de\/wp-json\/wp\/v2\/location?post=13725"},{"taxonomy":"alquiler","embeddable":true,"href":"https:\/\/ibizaruralvillas.com\/de\/wp-json\/wp\/v2\/alquiler?post=13725"}],"curies":[{"name":"wp","href":"https:\/\/api.w.org\/{rel}","templated":true}]}}