{"id":27478,"date":"2024-11-30T11:53:13","date_gmt":"2024-11-30T10:53:13","guid":{"rendered":"https:\/\/ibizaruralvillas.com\/?post_type=villa&#038;p=27478"},"modified":"2026-04-16T16:04:44","modified_gmt":"2026-04-16T14:04:44","slug":"villa-miquela","status":"publish","type":"villa","link":"https:\/\/ibizaruralvillas.com\/de\/miete\/villa-miquela\/","title":{"rendered":"VILLA MIQUELA"},"featured_media":29783,"template":"","meta":{"_acf_changed":false,"site-sidebar-layout":"default","site-content-layout":"","ast-site-content-layout":"default","site-content-style":"default","site-sidebar-style":"default","ast-global-header-display":"","ast-banner-title-visibility":"","ast-main-header-display":"","ast-hfb-above-header-display":"","ast-hfb-below-header-display":"","ast-hfb-mobile-header-display":"","site-post-title":"","ast-breadcrumbs-content":"","ast-featured-img":"","footer-sml-layout":"","ast-disable-related-posts":"","theme-transparent-header-meta":"default","adv-header-id-meta":"","stick-header-meta":"","header-above-stick-meta":"","header-main-stick-meta":"","header-below-stick-meta":"","astra-migrate-meta-layouts":"set","ast-page-background-enabled":"default","ast-page-background-meta":{"desktop":{"background-color":"var(--ast-global-color-4)","background-image":"","background-repeat":"repeat","background-position":"center center","background-size":"auto","background-attachment":"scroll","background-type":"","background-media":"","overlay-type":"","overlay-color":"","overlay-opacity":"","overlay-gradient":""},"tablet":{"background-color":"","background-image":"","background-repeat":"repeat","background-position":"center center","background-size":"auto","background-attachment":"scroll","background-type":"","background-media":"","overlay-type":"","overlay-color":"","overlay-opacity":"","overlay-gradient":""},"mobile":{"background-color":"","background-image":"","background-repeat":"repeat","background-position":"center center","background-size":"auto","background-attachment":"scroll","background-type":"","background-media":"","overlay-type":"","overlay-color":"","overlay-opacity":"","overlay-gradient":""}},"ast-content-background-meta":{"desktop":{"background-color":"var(--ast-global-color-5)","background-image":"","background-repeat":"repeat","background-position":"center center","background-size":"auto","background-attachment":"scroll","background-type":"","background-media":"","overlay-type":"","overlay-color":"","overlay-opacity":"","overlay-gradient":""},"tablet":{"background-color":"var(--ast-global-color-5)","background-image":"","background-repeat":"repeat","background-position":"center center","background-size":"auto","background-attachment":"scroll","background-type":"","background-media":"","overlay-type":"","overlay-color":"","overlay-opacity":"","overlay-gradient":""},"mobile":{"background-color":"var(--ast-global-color-5)","background-image":"","background-repeat":"repeat","background-position":"center center","background-size":"auto","background-attachment":"scroll","background-type":"","background-media":"","overlay-type":"","overlay-color":"","overlay-opacity":"","overlay-gradient":""}},"_joinchat":[]},"location":[1327,799,2047,1328,261],"alquiler":[],"class_list":["post-27478","villa","type-villa","status-publish","has-post-thumbnail","hentry","location-cala-boix-3","location-dorfer","location-playa-pou-des-lleo-de","location-pou-des-lleo-2","location-san-carlos-de"],"acf":{"sub_title":"<p class=\"MsoNormal\"><span style=\"font-size: 10.0pt; line-height: 115%;\">ESFCTU000007036000108272000000000000000000000ET0877E0 Ref. Toni_Miquela<\/span><\/p>","gallery":[29781,29784,29787,29790,29793,29796,29799,29802,29805,29808,29811,29814,29817,29820,29823,29826,29829,29832,29835,29838,29841,29844,29847,29850,29853,29856,29859,29864,29867,29870,29873,29876,29879,29882,29885,29888,29891,29894,29897,29900,29903,29906,29909,29912,29915,29918,29921,29924,29927,29930,29933,29936],"guests":6,"bedrooms":3,"bathrooms":2,"popular_amenities":["air_conditioning","wifi","smart_tv","satellite_tv"],"electrodomestics":["electric_coffee_maker","kettle","washing_machine","dishwasher","iron","hair_dryer","ironing_board","toaster"],"interior":["bathtub","shower","linens","towels","pool_towels"],"exterior":["barbecue","garden_furniture","parking","swimming_pool","parasols","deckchairs"],"description":"<h5>Sch\u00f6nes, sehr ruhiges, traditionelles Haus mit 3 Schlafzimmern und 4.000 m2 eingez\u00e4untem Grundst\u00fcck. Das Hotel liegt 1,4 km von den Calas de Pou des Lle\u00f3 und Cala Boix, sowie seine Restaurants, die alle von ihnen bekannt und spezialisiert auf typische Gerichte wie Bullit de Peix (typische ibizenkische Fischeintopf), Reis und Fisch. Der Sandstrand von Es Figueral ist 4 km entfernt und etwas weiter entfernt liegt der sch\u00f6ne Strand von Cala Llenya.<\/h5>\r\n<h5>Das Haus verf\u00fcgt \u00fcber: Ein ger\u00e4umiges Wohn-Esszimmer mit Meerblick, TV und Klimaanlage. Voll ausgestattete, unabh\u00e4ngige K\u00fcche mit Nespresso-Kapsel-kompatibler Kaffeemaschine und Zugang nach drau\u00dfen. Hauptschlafzimmer mit Klimaanlage, en-suite Badezimmer mit Dusche, Meerblick und Ausgang nach drau\u00dfen. 2 Schlafzimmer mit 2 Einzelbetten und Deckenventilatoren. Gemeinsames Badezimmer mit einer Badewanne. Gro\u00dfer Au\u00dfenbereich mit 8m x 4m Pool, mit 6 Liegest\u00fchlen und Sonnenschirm.\u00a0 Esstisch im Freien mit Meerblick, ideal f\u00fcr Mahlzeiten im Freien. Kleiner Hauswirtschaftsraum mit Waschmaschine. Dar\u00fcber hinaus verf\u00fcgt das Haus \u00fcber WiFi, einen zus\u00e4tzlichen Ventilator, ein Kinderbett und einen Hochstuhl.<\/h5>\r\n<h5>Reinigungsservice: vollst\u00e4ndig alle 7 Tage.<\/h5>\r\n<h5><strong>Unterkunfteigenschaften<\/strong><\/h5>\r\n<h5><strong>Schlafr\u00e4ume:<\/strong> 3<\/h5>\r\n<h5><strong>Kapazit\u00e4t:<\/strong> 6<\/h5>\r\n<h5><strong>Betten:<\/strong> 1 Doppelbett, 4 Einzelbetten<\/h5>\r\n<h5><strong>B\u00e4der:<\/strong> 1 Bad mit Badewanne, 1 Bad mit Dusche<\/h5>\r\n<h5><strong>Ausblick:<\/strong> Meerblick<\/h5>\r\n<h5><strong>Allgemein<\/strong><\/h5>\r\n<h5>Dieses Anwesen verf\u00fcgt \u00fcber einen privaten Pool 8mx4m, Satelliten-TV, Garten, Gartenm\u00f6bel, Kamin, eingez\u00e4untes Grundst\u00fcck, Sicherheitsbox, Saftpresse, Wasserkocher, Haartrockner, Internetzugang (Wi-Fi), K\u00fchlschrank, Gefrierschrank, Waschmaschine, Geschirrsp\u00fcler, Kaffeemaschine, Toaster, Geschirr, K\u00fcchenger\u00e4te, Mikrowelle, Backofen...<\/h5>","nearby_places":[{"place":"Cala Boix","distance":"1,5"},{"place":"Pou des Lleo Strand","distance":"1,5"},{"place":"Cala Mastella","distance":"3"},{"place":"Cala Llenya","distance":"3,2"},{"place":"San Carlos","distance":"4,5"},{"place":"Santa Eularia","distance":"10,5"}],"conditions":{"minimum_stay":5,"check_in":"16:00h","check_out":"10:00h","cleaning":"Die Endreinigung ist im Preis inbegriffen.","deposit":"\u20ac700","extras":"Leistungen mit Aufpreis: Extra Reinigung, Wechsel der Bettw\u00e4sche \/ Handt\u00fccher \/ Poolhandt\u00fccher w\u00e4hrend der Woche."},"welcome_pack":"yes","booking_widget":"<span style=\"font-size: 16px; font-style: normal; font-weight: 400;\">[wpbs id=\"105\" title=\"yes\" legend=\"yes\" legend_position=\"side\" display=\"2\" year=\"0\" month=\"0\" language=\"auto\" start=\"1\" dropdown=\"yes\" jump=\"no\" history=\"1\" tooltip=\"1\" highlighttoday=\"no\" weeknumbers=\"no\" show_prices=\"yes\" show_first_available_date=\"no\" form_id=\"104\" form_position=\"bottom\" auto_pending=\"yes\" selection_type=\"multiple\" selection_style=\"split\" minimum_days=\"0\" maximum_days=\"0\" booking_start_day=\"0\" booking_end_day=\"0\" show_date_selection=\"yes\"]<\/span>","calendar_id":"","form_id":""},"featured_image_src":"https:\/\/ibizaruralvillas.com\/wp-content\/uploads\/2024\/11\/villa-ibiza-villa-miquela-1-1024x683.jpg","villa_price":"","locations":[{"term_id":1327,"name":"Cala Boix","slug":"cala-boix-3","term_group":0,"term_taxonomy_id":1327,"taxonomy":"location","description":"","parent":0,"count":1,"filter":"raw"},{"term_id":799,"name":"D\u00f6rfer","slug":"dorfer","term_group":0,"term_taxonomy_id":799,"taxonomy":"location","description":"","parent":0,"count":1,"filter":"raw"},{"term_id":2047,"name":"Playa Pou des Lleo","slug":"playa-pou-des-lleo-de","term_group":0,"term_taxonomy_id":2047,"taxonomy":"location","description":"","parent":797,"count":1,"filter":"raw"},{"term_id":1328,"name":"Pou des Lleo","slug":"pou-des-lleo-2","term_group":0,"term_taxonomy_id":1328,"taxonomy":"location","description":"","parent":0,"count":1,"filter":"raw"},{"term_id":261,"name":"San Carlos","slug":"san-carlos-de","term_group":0,"term_taxonomy_id":261,"taxonomy":"location","description":"","parent":799,"count":4,"filter":"raw"}],"has_booking_calendar":true,"_links":{"self":[{"href":"https:\/\/ibizaruralvillas.com\/de\/wp-json\/wp\/v2\/villa\/27478","targetHints":{"allow":["GET"]}}],"collection":[{"href":"https:\/\/ibizaruralvillas.com\/de\/wp-json\/wp\/v2\/villa"}],"about":[{"href":"https:\/\/ibizaruralvillas.com\/de\/wp-json\/wp\/v2\/types\/villa"}],"acf:attachment":[{"embeddable":true,"href":"https:\/\/ibizaruralvillas.com\/de\/wp-json\/wp\/v2\/media\/29936"},{"embeddable":true,"href":"https:\/\/ibizaruralvillas.com\/de\/wp-json\/wp\/v2\/media\/29933"},{"embeddable":true,"href":"https:\/\/ibizaruralvillas.com\/de\/wp-json\/wp\/v2\/media\/29930"},{"embeddable":true,"href":"https:\/\/ibizaruralvillas.com\/de\/wp-json\/wp\/v2\/media\/29927"},{"embeddable":true,"href":"https:\/\/ibizaruralvillas.com\/de\/wp-json\/wp\/v2\/media\/29924"},{"embeddable":true,"href":"https:\/\/ibizaruralvillas.com\/de\/wp-json\/wp\/v2\/media\/29921"},{"embeddable":true,"href":"https:\/\/ibizaruralvillas.com\/de\/wp-json\/wp\/v2\/media\/29918"},{"embeddable":true,"href":"https:\/\/ibizaruralvillas.com\/de\/wp-json\/wp\/v2\/media\/29915"},{"embeddable":true,"href":"https:\/\/ibizaruralvillas.com\/de\/wp-json\/wp\/v2\/media\/29912"},{"embeddable":true,"href":"https:\/\/ibizaruralvillas.com\/de\/wp-json\/wp\/v2\/media\/29909"},{"embeddable":true,"href":"https:\/\/ibizaruralvillas.com\/de\/wp-json\/wp\/v2\/media\/29906"},{"embeddable":true,"href":"https:\/\/ibizaruralvillas.com\/de\/wp-json\/wp\/v2\/media\/29903"},{"embeddable":true,"href":"https:\/\/ibizaruralvillas.com\/de\/wp-json\/wp\/v2\/media\/29900"},{"embeddable":true,"href":"https:\/\/ibizaruralvillas.com\/de\/wp-json\/wp\/v2\/media\/29897"},{"embeddable":true,"href":"https:\/\/ibizaruralvillas.com\/de\/wp-json\/wp\/v2\/media\/29894"},{"embeddable":true,"href":"https:\/\/ibizaruralvillas.com\/de\/wp-json\/wp\/v2\/media\/29891"},{"embeddable":true,"href":"https:\/\/ibizaruralvillas.com\/de\/wp-json\/wp\/v2\/media\/29888"},{"embeddable":true,"href":"https:\/\/ibizaruralvillas.com\/de\/wp-json\/wp\/v2\/media\/29885"},{"embeddable":true,"href":"https:\/\/ibizaruralvillas.com\/de\/wp-json\/wp\/v2\/media\/29882"},{"embeddable":true,"href":"https:\/\/ibizaruralvillas.com\/de\/wp-json\/wp\/v2\/media\/29879"},{"embeddable":true,"href":"https:\/\/ibizaruralvillas.com\/de\/wp-json\/wp\/v2\/media\/29876"},{"embeddable":true,"href":"https:\/\/ibizaruralvillas.com\/de\/wp-json\/wp\/v2\/media\/29873"},{"embeddable":true,"href":"https:\/\/ibizaruralvillas.com\/de\/wp-json\/wp\/v2\/media\/29870"},{"embeddable":true,"href":"https:\/\/ibizaruralvillas.com\/de\/wp-json\/wp\/v2\/media\/29867"},{"embeddable":true,"href":"https:\/\/ibizaruralvillas.com\/de\/wp-json\/wp\/v2\/media\/29864"},{"embeddable":true,"href":"https:\/\/ibizaruralvillas.com\/de\/wp-json\/wp\/v2\/media\/29859"},{"embeddable":true,"href":"https:\/\/ibizaruralvillas.com\/de\/wp-json\/wp\/v2\/media\/29856"},{"embeddable":true,"href":"https:\/\/ibizaruralvillas.com\/de\/wp-json\/wp\/v2\/media\/29853"},{"embeddable":true,"href":"https:\/\/ibizaruralvillas.com\/de\/wp-json\/wp\/v2\/media\/29850"},{"embeddable":true,"href":"https:\/\/ibizaruralvillas.com\/de\/wp-json\/wp\/v2\/media\/29847"},{"embeddable":true,"href":"https:\/\/ibizaruralvillas.com\/de\/wp-json\/wp\/v2\/media\/29844"},{"embeddable":true,"href":"https:\/\/ibizaruralvillas.com\/de\/wp-json\/wp\/v2\/media\/29841"},{"embeddable":true,"href":"https:\/\/ibizaruralvillas.com\/de\/wp-json\/wp\/v2\/media\/29838"},{"embeddable":true,"href":"https:\/\/ibizaruralvillas.com\/de\/wp-json\/wp\/v2\/media\/29835"},{"embeddable":true,"href":"https:\/\/ibizaruralvillas.com\/de\/wp-json\/wp\/v2\/media\/29832"},{"embeddable":true,"href":"https:\/\/ibizaruralvillas.com\/de\/wp-json\/wp\/v2\/media\/29829"},{"embeddable":true,"href":"https:\/\/ibizaruralvillas.com\/de\/wp-json\/wp\/v2\/media\/29826"},{"embeddable":true,"href":"https:\/\/ibizaruralvillas.com\/de\/wp-json\/wp\/v2\/media\/29823"},{"embeddable":true,"href":"https:\/\/ibizaruralvillas.com\/de\/wp-json\/wp\/v2\/media\/29820"},{"embeddable":true,"href":"https:\/\/ibizaruralvillas.com\/de\/wp-json\/wp\/v2\/media\/29817"},{"embeddable":true,"href":"https:\/\/ibizaruralvillas.com\/de\/wp-json\/wp\/v2\/media\/29814"},{"embeddable":true,"href":"https:\/\/ibizaruralvillas.com\/de\/wp-json\/wp\/v2\/media\/29811"},{"embeddable":true,"href":"https:\/\/ibizaruralvillas.com\/de\/wp-json\/wp\/v2\/media\/29808"},{"embeddable":true,"href":"https:\/\/ibizaruralvillas.com\/de\/wp-json\/wp\/v2\/media\/29805"},{"embeddable":true,"href":"https:\/\/ibizaruralvillas.com\/de\/wp-json\/wp\/v2\/media\/29802"},{"embeddable":true,"href":"https:\/\/ibizaruralvillas.com\/de\/wp-json\/wp\/v2\/media\/29799"},{"embeddable":true,"href":"https:\/\/ibizaruralvillas.com\/de\/wp-json\/wp\/v2\/media\/29796"},{"embeddable":true,"href":"https:\/\/ibizaruralvillas.com\/de\/wp-json\/wp\/v2\/media\/29793"},{"embeddable":true,"href":"https:\/\/ibizaruralvillas.com\/de\/wp-json\/wp\/v2\/media\/29790"},{"embeddable":true,"href":"https:\/\/ibizaruralvillas.com\/de\/wp-json\/wp\/v2\/media\/29787"},{"embeddable":true,"href":"https:\/\/ibizaruralvillas.com\/de\/wp-json\/wp\/v2\/media\/29784"},{"embeddable":true,"href":"https:\/\/ibizaruralvillas.com\/de\/wp-json\/wp\/v2\/media\/29781"}],"wp:featuredmedia":[{"embeddable":true,"href":"https:\/\/ibizaruralvillas.com\/de\/wp-json\/wp\/v2\/media\/29783"}],"wp:attachment":[{"href":"https:\/\/ibizaruralvillas.com\/de\/wp-json\/wp\/v2\/media?parent=27478"}],"wp:term":[{"taxonomy":"location","embeddable":true,"href":"https:\/\/ibizaruralvillas.com\/de\/wp-json\/wp\/v2\/location?post=27478"},{"taxonomy":"alquiler","embeddable":true,"href":"https:\/\/ibizaruralvillas.com\/de\/wp-json\/wp\/v2\/alquiler?post=27478"}],"curies":[{"name":"wp","href":"https:\/\/api.w.org\/{rel}","templated":true}]}}