{"id":32155,"date":"2026-02-12T17:02:41","date_gmt":"2026-02-12T16:02:41","guid":{"rendered":"https:\/\/ibizaruralvillas.com\/?post_type=villa&#038;p=32155"},"modified":"2026-04-15T15:25:52","modified_gmt":"2026-04-15T13:25:52","slug":"el-torreon","status":"publish","type":"villa","link":"https:\/\/ibizaruralvillas.com\/de\/dorfer\/san-jose-de\/el-torreon\/","title":{"rendered":"EL TORREON"},"featured_media":32048,"template":"","meta":{"_acf_changed":false,"site-sidebar-layout":"default","site-content-layout":"","ast-site-content-layout":"default","site-content-style":"default","site-sidebar-style":"default","ast-global-header-display":"","ast-banner-title-visibility":"","ast-main-header-display":"","ast-hfb-above-header-display":"","ast-hfb-below-header-display":"","ast-hfb-mobile-header-display":"","site-post-title":"","ast-breadcrumbs-content":"","ast-featured-img":"","footer-sml-layout":"","ast-disable-related-posts":"","theme-transparent-header-meta":"default","adv-header-id-meta":"","stick-header-meta":"","header-above-stick-meta":"","header-main-stick-meta":"","header-below-stick-meta":"","astra-migrate-meta-layouts":"set","ast-page-background-enabled":"default","ast-page-background-meta":{"desktop":{"background-color":"var(--ast-global-color-4)","background-image":"","background-repeat":"repeat","background-position":"center center","background-size":"auto","background-attachment":"scroll","background-type":"","background-media":"","overlay-type":"","overlay-color":"","overlay-opacity":"","overlay-gradient":""},"tablet":{"background-color":"","background-image":"","background-repeat":"repeat","background-position":"center center","background-size":"auto","background-attachment":"scroll","background-type":"","background-media":"","overlay-type":"","overlay-color":"","overlay-opacity":"","overlay-gradient":""},"mobile":{"background-color":"","background-image":"","background-repeat":"repeat","background-position":"center center","background-size":"auto","background-attachment":"scroll","background-type":"","background-media":"","overlay-type":"","overlay-color":"","overlay-opacity":"","overlay-gradient":""}},"ast-content-background-meta":{"desktop":{"background-color":"var(--ast-global-color-5)","background-image":"","background-repeat":"repeat","background-position":"center center","background-size":"auto","background-attachment":"scroll","background-type":"","background-media":"","overlay-type":"","overlay-color":"","overlay-opacity":"","overlay-gradient":""},"tablet":{"background-color":"var(--ast-global-color-5)","background-image":"","background-repeat":"repeat","background-position":"center center","background-size":"auto","background-attachment":"scroll","background-type":"","background-media":"","overlay-type":"","overlay-color":"","overlay-opacity":"","overlay-gradient":""},"mobile":{"background-color":"var(--ast-global-color-5)","background-image":"","background-repeat":"repeat","background-position":"center center","background-size":"auto","background-attachment":"scroll","background-type":"","background-media":"","overlay-type":"","overlay-color":"","overlay-opacity":"","overlay-gradient":""}},"_joinchat":[]},"location":[241],"alquiler":[],"class_list":["post-32155","villa","type-villa","status-publish","has-post-thumbnail","hentry","location-san-jose-de"],"acf":{"sub_title":"<p class=\"MsoNormal\"><span style=\"font-size: 10.0pt; line-height: 115%;\">ESFCTU00000701000063921900000000000000000000ETV1235E7 Ref. TORREON<\/span><\/p>","gallery":[32094,32115,32118,32121,32022,32067,31917,31923,31920,31926,31929,31914,31938,31935,31944,31941,31947,31953,31950,31959,31965,31962,31968,31971,31932,32004,31974,31977,32148,31980,31983,31989,31992,31995,31998,32001,32019,32151,32007,32016,32010,32013,32031,32043,32085,32046,32049,32052,32064,32073,32106,32109,32112,32127,32055],"guests":7,"bedrooms":4,"bathrooms":4,"popular_amenities":["air_conditioning","alarm","security_box","calefaction","wifi","smart_tv","satellite_tv","stereo"],"electrodomestics":["electric_coffee_maker","kettle","washing_machine","dishwasher","iron","hair_dryer","ironing_board","toaster"],"interior":["bathtub","shower","linens","towels","pool_towels"],"exterior":["barbecue","garden_furniture","parking","swimming_pool","parasols","deckchairs"],"description":"<h5>El Torreon ist eine Villa, die viel Privatsph\u00e4re und einen spektakul\u00e4ren Meerblick bietet. Es ist ein modernes Haus mit Ankl\u00e4ngen an den ibizenkischen Stil und viel Platz sowohl innen als auch au\u00dfen. Die Zimmer sind ebenfalls sehr ger\u00e4umig und der Garten ist gepflegt und recht gro\u00df. Es ist komplett ausgestattet und die K\u00fcche wurde k\u00fcrzlich renoviert.<\/h5>\r\n<h5>Durch den Haupteingang gelangt man in einen gro\u00dfen Flur, der zur K\u00fcche und zum ger\u00e4umigen Wohnzimmer f\u00fchrt, mit einer Treppe, die in den zweiten Stock f\u00fchrt. Hier befindet sich eine Toilette. Im Erdgeschoss gibt es ein ger\u00e4umiges Wohnzimmer (mit Zugang zu gro\u00dfen Terrassen mit Blick auf den Pool und das Meer sowie einem weiteren Ausgang zu einem Innenhof mit Tischtennisplatte), eine K\u00fcche, die ebenfalls Zugang zu den Terrassen hat, und ein sehr gro\u00dfes Esszimmer mit Zugang zu den Terrassen. Eines der Schlafzimmer befindet sich ebenfalls im Erdgeschoss und verf\u00fcgt \u00fcber ein eigenes Bad und Zugang zur Terrasse.<\/h5>\r\n<h5>Im zweiten Stock befinden sich zwei gro\u00dfe Schlafzimmer, von denen eines \u00fcber ein ger\u00e4umiges eigenes Badezimmer verf\u00fcgt und das andere Badezimmer auf derselben Etage, getrennt von den Schlafzimmern. Die R\u00e4ume im zweiten Stock sind ebenfalls sehr ger\u00e4umig; beide Schlafzimmer haben Zugang zu einer gro\u00dfen Veranda mit Gartenm\u00f6beln und spektakul\u00e4rem Meerblick. Von diesem zweiten Stockwerk f\u00fchrt eine T\u00fcr zu einer Au\u00dfentreppe, die Sie zum obersten Stockwerk des Hauses bringt, einem dritten Stockwerk, das ein Turm ist, in dem Sie das dritte Schlafzimmer mit einem Doppelbett und einem eigenen Badezimmer mit Dusche finden. Auf dieser Etage befindet sich auch eine gro\u00dfe Terrasse mit Gartenm\u00f6beln.\u00a0Der Pool- und Gartenbereich ist sehr gro\u00dfz\u00fcgig und verf\u00fcgt \u00fcber eine Au\u00dfendusche. Der Pool misst 6 x 12 m.<\/h5>\r\n<h5>Diese Villa ist sehr gem\u00fctlich und hat aufgrund ihrer N\u00e4he zu den Str\u00e4nden im S\u00fcdwesten \u2013 Str\u00e4nde mit den sch\u00f6nsten Sonnenunterg\u00e4ngen \u2013 eine ausgezeichnete Lage. Sie ist von gro\u00dfen Terrassen mit Gartenm\u00f6beln aus Holz umgeben und verf\u00fcgt \u00fcber Parkpl\u00e4tze f\u00fcr zwei Autos. Es ist ein sehr komfortables Haus mit ger\u00e4umigen Zimmern, einem Garten, einer sehr ruhigen Lage und spektakul\u00e4rem Meerblick. Es verf\u00fcgt \u00fcber Satellitenfernsehen, eine Stereoanlage, Mikrowelle, Toaster, Grill, Kaffeemaschine, Waschmaschine, Geschirrsp\u00fcler, B\u00fcgeleisen, B\u00fcgelbrett, Sonnenliegen usw. Der n\u00e4chste Supermarkt ist 250 Meter entfernt (Es Cuco), wo Sie alles finden, was Sie brauchen, und der zu Fu\u00df erreichbar ist.<\/h5>","nearby_places":[{"place":"Strand Port des Torrent","distance":"1.5"},{"place":"Cala Bassa","distance":"3,3"},{"place":"Cala Conta","distance":"5,3"},{"place":"Cala Tarida ","distance":"4,8"},{"place":"Cala Vadella","distance":"9,2"},{"place":"San Agustin ","distance":"3,3"},{"place":"San Josep","distance":"6"}],"conditions":{"minimum_stay":7,"check_in":"16:00h","check_out":"10:00h","cleaning":"Endreinigung ist im Preis inbegriffen.","deposit":"\u20ac1000","extras":"Leistungen mit Aufpreis: Extra Reinigung \u20ac250."},"welcome_pack":"yes","booking_widget":"<span style=\"font-size: 16px; font-style: normal; font-weight: 400;\">[wpbs id=\"115\" title=\"yes\" legend=\"yes\" legend_position=\"side\" display=\"2\" year=\"0\" month=\"0\" language=\"auto\" start=\"1\" dropdown=\"yes\" jump=\"no\" history=\"1\" tooltip=\"1\" highlighttoday=\"no\" weeknumbers=\"no\" show_prices=\"yes\" form_id=\"115\" form_position=\"bottom\" auto_pending=\"yes\" selection_type=\"multiple\" selection_style=\"split\" minimum_days=\"7\" maximum_days=\"0\" booking_start_day=\"0\" booking_end_day=\"0\" show_date_selection=\"yes\"]<\/span>","calendar_id":"","form_id":""},"featured_image_src":"https:\/\/ibizaruralvillas.com\/wp-content\/uploads\/2026\/02\/La-Torre-9-1024x683.jpg","villa_price":"","locations":[{"term_id":241,"name":"San Jos\u00e9","slug":"san-jose-de","term_group":0,"term_taxonomy_id":241,"taxonomy":"location","description":"","parent":799,"count":39,"filter":"raw"}],"has_booking_calendar":true,"_links":{"self":[{"href":"https:\/\/ibizaruralvillas.com\/de\/wp-json\/wp\/v2\/villa\/32155","targetHints":{"allow":["GET"]}}],"collection":[{"href":"https:\/\/ibizaruralvillas.com\/de\/wp-json\/wp\/v2\/villa"}],"about":[{"href":"https:\/\/ibizaruralvillas.com\/de\/wp-json\/wp\/v2\/types\/villa"}],"acf:attachment":[{"embeddable":true,"href":"https:\/\/ibizaruralvillas.com\/de\/wp-json\/wp\/v2\/media\/32055"},{"embeddable":true,"href":"https:\/\/ibizaruralvillas.com\/de\/wp-json\/wp\/v2\/media\/32127"},{"embeddable":true,"href":"https:\/\/ibizaruralvillas.com\/de\/wp-json\/wp\/v2\/media\/32112"},{"embeddable":true,"href":"https:\/\/ibizaruralvillas.com\/de\/wp-json\/wp\/v2\/media\/32109"},{"embeddable":true,"href":"https:\/\/ibizaruralvillas.com\/de\/wp-json\/wp\/v2\/media\/32106"},{"embeddable":true,"href":"https:\/\/ibizaruralvillas.com\/de\/wp-json\/wp\/v2\/media\/32073"},{"embeddable":true,"href":"https:\/\/ibizaruralvillas.com\/de\/wp-json\/wp\/v2\/media\/32064"},{"embeddable":true,"href":"https:\/\/ibizaruralvillas.com\/de\/wp-json\/wp\/v2\/media\/32052"},{"embeddable":true,"href":"https:\/\/ibizaruralvillas.com\/de\/wp-json\/wp\/v2\/media\/32049"},{"embeddable":true,"href":"https:\/\/ibizaruralvillas.com\/de\/wp-json\/wp\/v2\/media\/32046"},{"embeddable":true,"href":"https:\/\/ibizaruralvillas.com\/de\/wp-json\/wp\/v2\/media\/32085"},{"embeddable":true,"href":"https:\/\/ibizaruralvillas.com\/de\/wp-json\/wp\/v2\/media\/32043"},{"embeddable":true,"href":"https:\/\/ibizaruralvillas.com\/de\/wp-json\/wp\/v2\/media\/32031"},{"embeddable":true,"href":"https:\/\/ibizaruralvillas.com\/de\/wp-json\/wp\/v2\/media\/32013"},{"embeddable":true,"href":"https:\/\/ibizaruralvillas.com\/de\/wp-json\/wp\/v2\/media\/32010"},{"embeddable":true,"href":"https:\/\/ibizaruralvillas.com\/de\/wp-json\/wp\/v2\/media\/32016"},{"embeddable":true,"href":"https:\/\/ibizaruralvillas.com\/de\/wp-json\/wp\/v2\/media\/32007"},{"embeddable":true,"href":"https:\/\/ibizaruralvillas.com\/de\/wp-json\/wp\/v2\/media\/32151"},{"embeddable":true,"href":"https:\/\/ibizaruralvillas.com\/de\/wp-json\/wp\/v2\/media\/32019"},{"embeddable":true,"href":"https:\/\/ibizaruralvillas.com\/de\/wp-json\/wp\/v2\/media\/32001"},{"embeddable":true,"href":"https:\/\/ibizaruralvillas.com\/de\/wp-json\/wp\/v2\/media\/31998"},{"embeddable":true,"href":"https:\/\/ibizaruralvillas.com\/de\/wp-json\/wp\/v2\/media\/31995"},{"embeddable":true,"href":"https:\/\/ibizaruralvillas.com\/de\/wp-json\/wp\/v2\/media\/31992"},{"embeddable":true,"href":"https:\/\/ibizaruralvillas.com\/de\/wp-json\/wp\/v2\/media\/31989"},{"embeddable":true,"href":"https:\/\/ibizaruralvillas.com\/de\/wp-json\/wp\/v2\/media\/31983"},{"embeddable":true,"href":"https:\/\/ibizaruralvillas.com\/de\/wp-json\/wp\/v2\/media\/31980"},{"embeddable":true,"href":"https:\/\/ibizaruralvillas.com\/de\/wp-json\/wp\/v2\/media\/32148"},{"embeddable":true,"href":"https:\/\/ibizaruralvillas.com\/de\/wp-json\/wp\/v2\/media\/31977"},{"embeddable":true,"href":"https:\/\/ibizaruralvillas.com\/de\/wp-json\/wp\/v2\/media\/31974"},{"embeddable":true,"href":"https:\/\/ibizaruralvillas.com\/de\/wp-json\/wp\/v2\/media\/32004"},{"embeddable":true,"href":"https:\/\/ibizaruralvillas.com\/de\/wp-json\/wp\/v2\/media\/31932"},{"embeddable":true,"href":"https:\/\/ibizaruralvillas.com\/de\/wp-json\/wp\/v2\/media\/31971"},{"embeddable":true,"href":"https:\/\/ibizaruralvillas.com\/de\/wp-json\/wp\/v2\/media\/31968"},{"embeddable":true,"href":"https:\/\/ibizaruralvillas.com\/de\/wp-json\/wp\/v2\/media\/31962"},{"embeddable":true,"href":"https:\/\/ibizaruralvillas.com\/de\/wp-json\/wp\/v2\/media\/31965"},{"embeddable":true,"href":"https:\/\/ibizaruralvillas.com\/de\/wp-json\/wp\/v2\/media\/31959"},{"embeddable":true,"href":"https:\/\/ibizaruralvillas.com\/de\/wp-json\/wp\/v2\/media\/31950"},{"embeddable":true,"href":"https:\/\/ibizaruralvillas.com\/de\/wp-json\/wp\/v2\/media\/31953"},{"embeddable":true,"href":"https:\/\/ibizaruralvillas.com\/de\/wp-json\/wp\/v2\/media\/31947"},{"embeddable":true,"href":"https:\/\/ibizaruralvillas.com\/de\/wp-json\/wp\/v2\/media\/31941"},{"embeddable":true,"href":"https:\/\/ibizaruralvillas.com\/de\/wp-json\/wp\/v2\/media\/31944"},{"embeddable":true,"href":"https:\/\/ibizaruralvillas.com\/de\/wp-json\/wp\/v2\/media\/31935"},{"embeddable":true,"href":"https:\/\/ibizaruralvillas.com\/de\/wp-json\/wp\/v2\/media\/31938"},{"embeddable":true,"href":"https:\/\/ibizaruralvillas.com\/de\/wp-json\/wp\/v2\/media\/31914"},{"embeddable":true,"href":"https:\/\/ibizaruralvillas.com\/de\/wp-json\/wp\/v2\/media\/31929"},{"embeddable":true,"href":"https:\/\/ibizaruralvillas.com\/de\/wp-json\/wp\/v2\/media\/31926"},{"embeddable":true,"href":"https:\/\/ibizaruralvillas.com\/de\/wp-json\/wp\/v2\/media\/31920"},{"embeddable":true,"href":"https:\/\/ibizaruralvillas.com\/de\/wp-json\/wp\/v2\/media\/31923"},{"embeddable":true,"href":"https:\/\/ibizaruralvillas.com\/de\/wp-json\/wp\/v2\/media\/31917"},{"embeddable":true,"href":"https:\/\/ibizaruralvillas.com\/de\/wp-json\/wp\/v2\/media\/32067"},{"embeddable":true,"href":"https:\/\/ibizaruralvillas.com\/de\/wp-json\/wp\/v2\/media\/32022"},{"embeddable":true,"href":"https:\/\/ibizaruralvillas.com\/de\/wp-json\/wp\/v2\/media\/32121"},{"embeddable":true,"href":"https:\/\/ibizaruralvillas.com\/de\/wp-json\/wp\/v2\/media\/32118"},{"embeddable":true,"href":"https:\/\/ibizaruralvillas.com\/de\/wp-json\/wp\/v2\/media\/32115"},{"embeddable":true,"href":"https:\/\/ibizaruralvillas.com\/de\/wp-json\/wp\/v2\/media\/32094"}],"wp:featuredmedia":[{"embeddable":true,"href":"https:\/\/ibizaruralvillas.com\/de\/wp-json\/wp\/v2\/media\/32048"}],"wp:attachment":[{"href":"https:\/\/ibizaruralvillas.com\/de\/wp-json\/wp\/v2\/media?parent=32155"}],"wp:term":[{"taxonomy":"location","embeddable":true,"href":"https:\/\/ibizaruralvillas.com\/de\/wp-json\/wp\/v2\/location?post=32155"},{"taxonomy":"alquiler","embeddable":true,"href":"https:\/\/ibizaruralvillas.com\/de\/wp-json\/wp\/v2\/alquiler?post=32155"}],"curies":[{"name":"wp","href":"https:\/\/api.w.org\/{rel}","templated":true}]}}